{"id":3158,"date":"2019-07-16T16:35:18","date_gmt":"2019-07-16T14:35:18","guid":{"rendered":"http:\/\/www.studioneostaging.be\/stagingstrelli\/home-2\/"},"modified":"2019-07-16T16:35:18","modified_gmt":"2019-07-16T14:35:18","slug":"home","status":"publish","type":"page","link":"https:\/\/www.strelli.be\/en\/home\/","title":{"rendered":"Home"},"content":{"rendered":"\n<div class=\"woocommerce columns-4 \"><div class=\"woocommerce-notices-wrapper\"><\/div><p class=\"woocommerce-result-count\" role=\"alert\" aria-relevant=\"all\" >\n\tShowing all 11 results<\/p>\n<form class=\"woocommerce-ordering\" method=\"get\">\n\t\t<select\n\t\tname=\"orderby\"\n\t\tclass=\"orderby\"\n\t\t\t\t\taria-label=\"Shop order\"\n\t\t\t>\n\t\t\t\t\t<option value=\"popularity\" >Sort by popularity<\/option>\n\t\t\t\t\t<option value=\"date\" >Sort by latest<\/option>\n\t\t\t\t\t<option value=\"price\" >Sort by price: low to high<\/option>\n\t\t\t\t\t<option value=\"price-desc\" >Sort by price: high to low<\/option>\n\t\t\t\t\t<option value=\"alphabetical\"  selected='selected'>Sort by name: A to Z<\/option>\n\t\t\t<\/select>\n\t<input type=\"hidden\" name=\"paged\" value=\"1\" \/>\n\t<\/form>\n<ul class=\"products columns-4\">\n<li class=\"product type-product post-8713 status-publish first instock product_cat-bathrobe product_cat-blackfriday-en product_cat-home-en product_cat-towels has-post-thumbnail sale shipping-taxable purchasable product-type-simple\">\n\t<a href=\"https:\/\/www.strelli.be\/en\/shop\/home-en\/peignoir-de-bain-vert-enfant-6-8-ans-capuchon-sachet\/\" class=\"woocommerce-LoopProduct-link woocommerce-loop-product__link\">\n\t<span class=\"onsale\">Sale!<\/span>\n\t<img loading=\"lazy\" decoding=\"async\" width=\"500\" height=\"667\" src=\"https:\/\/www.strelli.be\/wp-content\/uploads\/2022\/06\/78PH-F868W-5305-10-12j-green2940_2a_DSC_7166--500x667.jpeg\" class=\"attachment-woocommerce_thumbnail size-woocommerce_thumbnail\" alt=\"Peignoir de bain vert enfant 6\/8 ans + capuchon + sachet\" \/><h2 class=\"woocommerce-loop-product__title\">Peignoir de bain vert enfant 6\/8 ans + capuchon + sachet<\/h2>\n\t<span class=\"price\"><del aria-hidden=\"true\"><span class=\"woocommerce-Price-amount amount\"><bdi>95,00&nbsp;<span class=\"woocommerce-Price-currencySymbol\">&euro;<\/span><\/bdi><\/span><\/del> <span class=\"screen-reader-text\">Original price was: 95,00&nbsp;&euro;.<\/span><ins aria-hidden=\"true\"><span class=\"woocommerce-Price-amount amount\"><bdi>60,00&nbsp;<span class=\"woocommerce-Price-currencySymbol\">&euro;<\/span><\/bdi><\/span><\/ins><span class=\"screen-reader-text\">Current price is: 60,00&nbsp;&euro;.<\/span><\/span>\n<\/a><a href=\"?add-to-cart=8713\" aria-describedby=\"woocommerce_loop_add_to_cart_link_describedby_8713\" data-quantity=\"1\" class=\"button product_type_simple add_to_cart_button ajax_add_to_cart\" data-product_id=\"8713\" data-product_sku=\"\" aria-label=\"Add to cart: &ldquo;Peignoir de bain vert enfant 6\/8 ans + capuchon + sachet&rdquo;\" rel=\"nofollow\" data-success_message=\"&ldquo;Peignoir de bain vert enfant 6\/8 ans + capuchon + sachet&rdquo; has been added to your cart\">Add to cart<\/a>\t<span id=\"woocommerce_loop_add_to_cart_link_describedby_8713\" class=\"screen-reader-text\">\n\t\t\t<\/span>\n<span class=\"gtm4wp_productdata\" style=\"display:none; visibility:hidden;\" data-gtm4wp_product_data=\"{&quot;internal_id&quot;:8713,&quot;item_id&quot;:8713,&quot;item_name&quot;:&quot;Peignoir de bain vert enfant 6\\\/8 ans + capuchon + sachet&quot;,&quot;sku&quot;:8713,&quot;price&quot;:60,&quot;stocklevel&quot;:1,&quot;stockstatus&quot;:&quot;instock&quot;,&quot;google_business_vertical&quot;:&quot;retail&quot;,&quot;item_category&quot;:&quot;BlackFriday&quot;,&quot;id&quot;:8713,&quot;productlink&quot;:&quot;https:\\\/\\\/www.strelli.be\\\/en\\\/shop\\\/home-en\\\/peignoir-de-bain-vert-enfant-6-8-ans-capuchon-sachet\\\/&quot;,&quot;item_list_name&quot;:&quot;General Product List&quot;,&quot;index&quot;:1,&quot;product_type&quot;:&quot;simple&quot;,&quot;item_brand&quot;:&quot;&quot;}\"><\/span><\/li>\n<li class=\"product type-product post-8715 status-publish instock product_cat-bathrobe product_cat-blackfriday-en product_cat-home-en product_cat-towels has-post-thumbnail sale shipping-taxable purchasable product-type-simple\">\n\t<a href=\"https:\/\/www.strelli.be\/en\/shop\/home-en\/peignoir-de-bain-vert-enfant-10-12-ans-capuchon-sachet\/\" class=\"woocommerce-LoopProduct-link woocommerce-loop-product__link\">\n\t<span class=\"onsale\">Sale!<\/span>\n\t<img loading=\"lazy\" decoding=\"async\" width=\"500\" height=\"667\" src=\"https:\/\/www.strelli.be\/wp-content\/uploads\/2022\/06\/78PH-F868W-4305-6-8j-bag-green2940_2a_DSC_7169--500x667.jpeg\" class=\"attachment-woocommerce_thumbnail size-woocommerce_thumbnail\" alt=\"Peignoir de bain vert enfant 10\/12 ans + capuchon + sachet\" \/><h2 class=\"woocommerce-loop-product__title\">Peignoir de bain vert enfant 10\/12 ans + capuchon + sachet<\/h2>\n\t<span class=\"price\"><del aria-hidden=\"true\"><span class=\"woocommerce-Price-amount amount\"><bdi>95,00&nbsp;<span class=\"woocommerce-Price-currencySymbol\">&euro;<\/span><\/bdi><\/span><\/del> <span class=\"screen-reader-text\">Original price was: 95,00&nbsp;&euro;.<\/span><ins aria-hidden=\"true\"><span class=\"woocommerce-Price-amount amount\"><bdi>60,00&nbsp;<span class=\"woocommerce-Price-currencySymbol\">&euro;<\/span><\/bdi><\/span><\/ins><span class=\"screen-reader-text\">Current price is: 60,00&nbsp;&euro;.<\/span><\/span>\n<\/a><a href=\"?add-to-cart=8715\" aria-describedby=\"woocommerce_loop_add_to_cart_link_describedby_8715\" data-quantity=\"1\" class=\"button product_type_simple add_to_cart_button ajax_add_to_cart\" data-product_id=\"8715\" data-product_sku=\"\" aria-label=\"Add to cart: &ldquo;Peignoir de bain vert enfant 10\/12 ans + capuchon + sachet&rdquo;\" rel=\"nofollow\" data-success_message=\"&ldquo;Peignoir de bain vert enfant 10\/12 ans + capuchon + sachet&rdquo; has been added to your cart\">Add to cart<\/a>\t<span id=\"woocommerce_loop_add_to_cart_link_describedby_8715\" class=\"screen-reader-text\">\n\t\t\t<\/span>\n<span class=\"gtm4wp_productdata\" style=\"display:none; visibility:hidden;\" data-gtm4wp_product_data=\"{&quot;internal_id&quot;:8715,&quot;item_id&quot;:8715,&quot;item_name&quot;:&quot;Peignoir de bain vert enfant 10\\\/12 ans + capuchon + sachet&quot;,&quot;sku&quot;:8715,&quot;price&quot;:60,&quot;stocklevel&quot;:1,&quot;stockstatus&quot;:&quot;instock&quot;,&quot;google_business_vertical&quot;:&quot;retail&quot;,&quot;item_category&quot;:&quot;BlackFriday&quot;,&quot;id&quot;:8715,&quot;productlink&quot;:&quot;https:\\\/\\\/www.strelli.be\\\/en\\\/shop\\\/home-en\\\/peignoir-de-bain-vert-enfant-10-12-ans-capuchon-sachet\\\/&quot;,&quot;item_list_name&quot;:&quot;General Product List&quot;,&quot;index&quot;:2,&quot;product_type&quot;:&quot;simple&quot;,&quot;item_brand&quot;:&quot;&quot;}\"><\/span><\/li>\n<li class=\"product type-product post-8719 status-publish instock product_cat-bathrobe product_cat-home-en product_cat-home product_cat-peignoir product_cat-salle-de-bain product_cat-towels has-post-thumbnail sale shipping-taxable purchasable product-type-simple\">\n\t<a href=\"https:\/\/www.strelli.be\/en\/shop\/home\/peignoir\/peignoir-de-bain-enfant-6-8-ans-capuchon-sachet\/\" class=\"woocommerce-LoopProduct-link woocommerce-loop-product__link\">\n\t<span class=\"onsale\">Sale!<\/span>\n\t<img loading=\"lazy\" decoding=\"async\" width=\"500\" height=\"667\" src=\"https:\/\/www.strelli.be\/wp-content\/uploads\/2022\/06\/78PH-F868W-5405-10-12j-orange2939_2a_DSC_7162--500x667.jpeg\" class=\"attachment-woocommerce_thumbnail size-woocommerce_thumbnail\" alt=\"Peignoir de bain corail enfant 6\/8 ans + capuchon + sachet\" \/><h2 class=\"woocommerce-loop-product__title\">Peignoir de bain corail enfant 6\/8 ans + capuchon + sachet<\/h2>\n\t<span class=\"price\"><del aria-hidden=\"true\"><span class=\"woocommerce-Price-amount amount\"><bdi>95,00&nbsp;<span class=\"woocommerce-Price-currencySymbol\">&euro;<\/span><\/bdi><\/span><\/del> <span class=\"screen-reader-text\">Original price was: 95,00&nbsp;&euro;.<\/span><ins aria-hidden=\"true\"><span class=\"woocommerce-Price-amount amount\"><bdi>60,00&nbsp;<span class=\"woocommerce-Price-currencySymbol\">&euro;<\/span><\/bdi><\/span><\/ins><span class=\"screen-reader-text\">Current price is: 60,00&nbsp;&euro;.<\/span><\/span>\n<\/a><a href=\"?add-to-cart=8719\" aria-describedby=\"woocommerce_loop_add_to_cart_link_describedby_8719\" data-quantity=\"1\" class=\"button product_type_simple add_to_cart_button ajax_add_to_cart\" data-product_id=\"8719\" data-product_sku=\"\" aria-label=\"Add to cart: &ldquo;Peignoir de bain corail enfant 6\/8 ans + capuchon + sachet&rdquo;\" rel=\"nofollow\" data-success_message=\"&ldquo;Peignoir de bain corail enfant 6\/8 ans + capuchon + sachet&rdquo; has been added to your cart\">Add to cart<\/a>\t<span id=\"woocommerce_loop_add_to_cart_link_describedby_8719\" class=\"screen-reader-text\">\n\t\t\t<\/span>\n<span class=\"gtm4wp_productdata\" style=\"display:none; visibility:hidden;\" data-gtm4wp_product_data=\"{&quot;internal_id&quot;:8719,&quot;item_id&quot;:8719,&quot;item_name&quot;:&quot;Peignoir de bain corail enfant 6\\\/8 ans + capuchon + sachet&quot;,&quot;sku&quot;:8719,&quot;price&quot;:60,&quot;stocklevel&quot;:1,&quot;stockstatus&quot;:&quot;instock&quot;,&quot;google_business_vertical&quot;:&quot;retail&quot;,&quot;item_category&quot;:&quot;Home&quot;,&quot;id&quot;:8719,&quot;productlink&quot;:&quot;https:\\\/\\\/www.strelli.be\\\/en\\\/shop\\\/home\\\/peignoir\\\/peignoir-de-bain-enfant-6-8-ans-capuchon-sachet\\\/&quot;,&quot;item_list_name&quot;:&quot;General Product List&quot;,&quot;index&quot;:3,&quot;product_type&quot;:&quot;simple&quot;,&quot;item_brand&quot;:&quot;&quot;}\"><\/span><\/li>\n<li class=\"product type-product post-8721 status-publish last instock product_cat-bathrobe product_cat-blackfriday-en product_cat-home-en product_cat-towels has-post-thumbnail sale shipping-taxable purchasable product-type-simple\">\n\t<a href=\"https:\/\/www.strelli.be\/en\/shop\/home-en\/peignoir-de-bain-aqua-l-sachet\/\" class=\"woocommerce-LoopProduct-link woocommerce-loop-product__link\">\n\t<span class=\"onsale\">Sale!<\/span>\n\t<img loading=\"lazy\" decoding=\"async\" width=\"500\" height=\"667\" src=\"https:\/\/www.strelli.be\/wp-content\/uploads\/2022\/06\/78PK-F864R-6225-bag-lagoon2938_2a_DSC_7157--500x667.jpeg\" class=\"attachment-woocommerce_thumbnail size-woocommerce_thumbnail\" alt=\"Peignoir de bain aqua L + sachet\" \/><h2 class=\"woocommerce-loop-product__title\">Peignoir de bain aqua L + sachet<\/h2>\n\t<span class=\"price\"><del aria-hidden=\"true\"><span class=\"woocommerce-Price-amount amount\"><bdi>145,00&nbsp;<span class=\"woocommerce-Price-currencySymbol\">&euro;<\/span><\/bdi><\/span><\/del> <span class=\"screen-reader-text\">Original price was: 145,00&nbsp;&euro;.<\/span><ins aria-hidden=\"true\"><span class=\"woocommerce-Price-amount amount\"><bdi>80,00&nbsp;<span class=\"woocommerce-Price-currencySymbol\">&euro;<\/span><\/bdi><\/span><\/ins><span class=\"screen-reader-text\">Current price is: 80,00&nbsp;&euro;.<\/span><\/span>\n<\/a><a href=\"?add-to-cart=8721\" aria-describedby=\"woocommerce_loop_add_to_cart_link_describedby_8721\" data-quantity=\"1\" class=\"button product_type_simple add_to_cart_button ajax_add_to_cart\" data-product_id=\"8721\" data-product_sku=\"\" aria-label=\"Add to cart: &ldquo;Peignoir de bain aqua L + sachet&rdquo;\" rel=\"nofollow\" data-success_message=\"&ldquo;Peignoir de bain aqua L + sachet&rdquo; has been added to your cart\">Add to cart<\/a>\t<span id=\"woocommerce_loop_add_to_cart_link_describedby_8721\" class=\"screen-reader-text\">\n\t\t\t<\/span>\n<span class=\"gtm4wp_productdata\" style=\"display:none; visibility:hidden;\" data-gtm4wp_product_data=\"{&quot;internal_id&quot;:8721,&quot;item_id&quot;:8721,&quot;item_name&quot;:&quot;Peignoir de bain aqua L + sachet&quot;,&quot;sku&quot;:8721,&quot;price&quot;:80,&quot;stocklevel&quot;:1,&quot;stockstatus&quot;:&quot;instock&quot;,&quot;google_business_vertical&quot;:&quot;retail&quot;,&quot;item_category&quot;:&quot;BlackFriday&quot;,&quot;id&quot;:8721,&quot;productlink&quot;:&quot;https:\\\/\\\/www.strelli.be\\\/en\\\/shop\\\/home-en\\\/peignoir-de-bain-aqua-l-sachet\\\/&quot;,&quot;item_list_name&quot;:&quot;General Product List&quot;,&quot;index&quot;:4,&quot;product_type&quot;:&quot;simple&quot;,&quot;item_brand&quot;:&quot;&quot;}\"><\/span><\/li>\n<li class=\"product type-product post-8723 status-publish first instock product_cat-bathrobe product_cat-blackfriday-en product_cat-home-en product_cat-towels has-post-thumbnail sale shipping-taxable purchasable product-type-simple\">\n\t<a href=\"https:\/\/www.strelli.be\/en\/shop\/home-en\/8702\/\" class=\"woocommerce-LoopProduct-link woocommerce-loop-product__link\">\n\t<span class=\"onsale\">Sale!<\/span>\n\t<img loading=\"lazy\" decoding=\"async\" width=\"500\" height=\"667\" src=\"https:\/\/www.strelli.be\/wp-content\/uploads\/2022\/06\/78PK-F864R-6225-bag-lagoon2938_2a_DSC_7157--500x667.jpeg\" class=\"attachment-woocommerce_thumbnail size-woocommerce_thumbnail\" alt=\"Peignoir de bain aqua S\/M + sachet\" \/><h2 class=\"woocommerce-loop-product__title\">Peignoir de bain aqua S\/M + sachet<\/h2>\n\t<span class=\"price\"><del aria-hidden=\"true\"><span class=\"woocommerce-Price-amount amount\"><bdi>145,00&nbsp;<span class=\"woocommerce-Price-currencySymbol\">&euro;<\/span><\/bdi><\/span><\/del> <span class=\"screen-reader-text\">Original price was: 145,00&nbsp;&euro;.<\/span><ins aria-hidden=\"true\"><span class=\"woocommerce-Price-amount amount\"><bdi>80,00&nbsp;<span class=\"woocommerce-Price-currencySymbol\">&euro;<\/span><\/bdi><\/span><\/ins><span class=\"screen-reader-text\">Current price is: 80,00&nbsp;&euro;.<\/span><\/span>\n<\/a><a href=\"?add-to-cart=8723\" aria-describedby=\"woocommerce_loop_add_to_cart_link_describedby_8723\" data-quantity=\"1\" class=\"button product_type_simple add_to_cart_button ajax_add_to_cart\" data-product_id=\"8723\" data-product_sku=\"\" aria-label=\"Add to cart: &ldquo;Peignoir de bain aqua S\/M + sachet&rdquo;\" rel=\"nofollow\" data-success_message=\"&ldquo;Peignoir de bain aqua S\/M + sachet&rdquo; has been added to your cart\">Add to cart<\/a>\t<span id=\"woocommerce_loop_add_to_cart_link_describedby_8723\" class=\"screen-reader-text\">\n\t\t\t<\/span>\n<span class=\"gtm4wp_productdata\" style=\"display:none; visibility:hidden;\" data-gtm4wp_product_data=\"{&quot;internal_id&quot;:8723,&quot;item_id&quot;:8723,&quot;item_name&quot;:&quot;Peignoir de bain aqua S\\\/M + sachet&quot;,&quot;sku&quot;:8723,&quot;price&quot;:80,&quot;stocklevel&quot;:1,&quot;stockstatus&quot;:&quot;instock&quot;,&quot;google_business_vertical&quot;:&quot;retail&quot;,&quot;item_category&quot;:&quot;BlackFriday&quot;,&quot;id&quot;:8723,&quot;productlink&quot;:&quot;https:\\\/\\\/www.strelli.be\\\/en\\\/shop\\\/home-en\\\/8702\\\/&quot;,&quot;item_list_name&quot;:&quot;General Product List&quot;,&quot;index&quot;:5,&quot;product_type&quot;:&quot;simple&quot;,&quot;item_brand&quot;:&quot;&quot;}\"><\/span><\/li>\n<li class=\"product type-product post-8725 status-publish instock product_cat-bathrobe product_cat-home product_cat-home-en product_cat-peignoir product_cat-salle-de-bain product_cat-towels has-post-thumbnail sale shipping-taxable purchasable product-type-simple\">\n\t<a href=\"https:\/\/www.strelli.be\/en\/shop\/home\/peignoir\/peignoir-de-bain-gris-xl-sachet\/\" class=\"woocommerce-LoopProduct-link woocommerce-loop-product__link\">\n\t<span class=\"onsale\">Sale!<\/span>\n\t<img loading=\"lazy\" decoding=\"async\" width=\"500\" height=\"667\" src=\"https:\/\/www.strelli.be\/wp-content\/uploads\/2022\/06\/78PK-F864R-9805-bag-grey2937_2a_DSC_7161--500x667.jpeg\" class=\"attachment-woocommerce_thumbnail size-woocommerce_thumbnail\" alt=\"Peignoir de bain gris XL + sachet\" \/><h2 class=\"woocommerce-loop-product__title\">Peignoir de bain gris XL + sachet<\/h2>\n\t<span class=\"price\"><del aria-hidden=\"true\"><span class=\"woocommerce-Price-amount amount\"><bdi>145,00&nbsp;<span class=\"woocommerce-Price-currencySymbol\">&euro;<\/span><\/bdi><\/span><\/del> <span class=\"screen-reader-text\">Original price was: 145,00&nbsp;&euro;.<\/span><ins aria-hidden=\"true\"><span class=\"woocommerce-Price-amount amount\"><bdi>80,00&nbsp;<span class=\"woocommerce-Price-currencySymbol\">&euro;<\/span><\/bdi><\/span><\/ins><span class=\"screen-reader-text\">Current price is: 80,00&nbsp;&euro;.<\/span><\/span>\n<\/a><a href=\"?add-to-cart=8725\" aria-describedby=\"woocommerce_loop_add_to_cart_link_describedby_8725\" data-quantity=\"1\" class=\"button product_type_simple add_to_cart_button ajax_add_to_cart\" data-product_id=\"8725\" data-product_sku=\"\" aria-label=\"Add to cart: &ldquo;Peignoir de bain gris XL + sachet&rdquo;\" rel=\"nofollow\" data-success_message=\"&ldquo;Peignoir de bain gris XL + sachet&rdquo; has been added to your cart\">Add to cart<\/a>\t<span id=\"woocommerce_loop_add_to_cart_link_describedby_8725\" class=\"screen-reader-text\">\n\t\t\t<\/span>\n<span class=\"gtm4wp_productdata\" style=\"display:none; visibility:hidden;\" data-gtm4wp_product_data=\"{&quot;internal_id&quot;:8725,&quot;item_id&quot;:8725,&quot;item_name&quot;:&quot;Peignoir de bain gris XL + sachet&quot;,&quot;sku&quot;:8725,&quot;price&quot;:80,&quot;stocklevel&quot;:1,&quot;stockstatus&quot;:&quot;instock&quot;,&quot;google_business_vertical&quot;:&quot;retail&quot;,&quot;item_category&quot;:&quot;Salle de bain&quot;,&quot;id&quot;:8725,&quot;productlink&quot;:&quot;https:\\\/\\\/www.strelli.be\\\/en\\\/shop\\\/home\\\/peignoir\\\/peignoir-de-bain-gris-xl-sachet\\\/&quot;,&quot;item_list_name&quot;:&quot;General Product List&quot;,&quot;index&quot;:6,&quot;product_type&quot;:&quot;simple&quot;,&quot;item_brand&quot;:&quot;&quot;}\"><\/span><\/li>\n<li class=\"product type-product post-8737 status-publish instock product_cat-blackfriday-en product_cat-home-en product_cat-towels has-post-thumbnail sale shipping-taxable purchasable product-type-simple\">\n\t<a href=\"https:\/\/www.strelli.be\/en\/shop\/home-en\/serviette-gant-ivoire\/\" class=\"woocommerce-LoopProduct-link woocommerce-loop-product__link\">\n\t<span class=\"onsale\">Sale!<\/span>\n\t<img loading=\"lazy\" decoding=\"async\" width=\"500\" height=\"667\" src=\"https:\/\/www.strelli.be\/wp-content\/uploads\/2022\/06\/78UF-7209P-X705-50x100cm-15x21cm-ivory2936_3_Strelli-16--500x667.jpeg\" class=\"attachment-woocommerce_thumbnail size-woocommerce_thumbnail\" alt=\"Serviette + gant ivoire\" \/><h2 class=\"woocommerce-loop-product__title\">Serviette + gant ivoire<\/h2>\n\t<span class=\"price\"><del aria-hidden=\"true\"><span class=\"woocommerce-Price-amount amount\"><bdi>37,00&nbsp;<span class=\"woocommerce-Price-currencySymbol\">&euro;<\/span><\/bdi><\/span><\/del> <span class=\"screen-reader-text\">Original price was: 37,00&nbsp;&euro;.<\/span><ins aria-hidden=\"true\"><span class=\"woocommerce-Price-amount amount\"><bdi>27,00&nbsp;<span class=\"woocommerce-Price-currencySymbol\">&euro;<\/span><\/bdi><\/span><\/ins><span class=\"screen-reader-text\">Current price is: 27,00&nbsp;&euro;.<\/span><\/span>\n<\/a><a href=\"?add-to-cart=8737\" aria-describedby=\"woocommerce_loop_add_to_cart_link_describedby_8737\" data-quantity=\"1\" class=\"button product_type_simple add_to_cart_button ajax_add_to_cart\" data-product_id=\"8737\" data-product_sku=\"\" aria-label=\"Add to cart: &ldquo;Serviette + gant ivoire&rdquo;\" rel=\"nofollow\" data-success_message=\"&ldquo;Serviette + gant ivoire&rdquo; has been added to your cart\">Add to cart<\/a>\t<span id=\"woocommerce_loop_add_to_cart_link_describedby_8737\" class=\"screen-reader-text\">\n\t\t\t<\/span>\n<span class=\"gtm4wp_productdata\" style=\"display:none; visibility:hidden;\" data-gtm4wp_product_data=\"{&quot;internal_id&quot;:8737,&quot;item_id&quot;:8737,&quot;item_name&quot;:&quot;Serviette + gant ivoire&quot;,&quot;sku&quot;:8737,&quot;price&quot;:27,&quot;stocklevel&quot;:3,&quot;stockstatus&quot;:&quot;instock&quot;,&quot;google_business_vertical&quot;:&quot;retail&quot;,&quot;item_category&quot;:&quot;BlackFriday&quot;,&quot;id&quot;:8737,&quot;productlink&quot;:&quot;https:\\\/\\\/www.strelli.be\\\/en\\\/shop\\\/home-en\\\/serviette-gant-ivoire\\\/&quot;,&quot;item_list_name&quot;:&quot;General Product List&quot;,&quot;index&quot;:7,&quot;product_type&quot;:&quot;simple&quot;,&quot;item_brand&quot;:&quot;&quot;}\"><\/span><\/li>\n<li class=\"product type-product post-8743 status-publish last instock product_cat-home product_cat-home-en has-post-thumbnail sale shipping-taxable purchasable product-type-simple\">\n\t<a href=\"https:\/\/www.strelli.be\/en\/shop\/home\/sac-de-plage-raye-lot-de-2\/\" class=\"woocommerce-LoopProduct-link woocommerce-loop-product__link\">\n\t<span class=\"onsale\">Sale!<\/span>\n\t<img loading=\"lazy\" decoding=\"async\" width=\"500\" height=\"667\" src=\"https:\/\/www.strelli.be\/wp-content\/uploads\/2022\/06\/78VX-F869X-1015-totebag-beach-bagsmall-bag-multi01_1_Strelli-47--500x667.jpeg\" class=\"attachment-woocommerce_thumbnail size-woocommerce_thumbnail\" alt=\"Sac de plage ray\u00e9 - lot de 2\" \/><h2 class=\"woocommerce-loop-product__title\">Sac de plage ray\u00e9 &#8211; lot de 2<\/h2>\n\t<span class=\"price\"><del aria-hidden=\"true\"><span class=\"woocommerce-Price-amount amount\"><bdi>70,00&nbsp;<span class=\"woocommerce-Price-currencySymbol\">&euro;<\/span><\/bdi><\/span><\/del> <span class=\"screen-reader-text\">Original price was: 70,00&nbsp;&euro;.<\/span><ins aria-hidden=\"true\"><span class=\"woocommerce-Price-amount amount\"><bdi>40,00&nbsp;<span class=\"woocommerce-Price-currencySymbol\">&euro;<\/span><\/bdi><\/span><\/ins><span class=\"screen-reader-text\">Current price is: 40,00&nbsp;&euro;.<\/span><\/span>\n<\/a><a href=\"?add-to-cart=8743\" aria-describedby=\"woocommerce_loop_add_to_cart_link_describedby_8743\" data-quantity=\"1\" class=\"button product_type_simple add_to_cart_button ajax_add_to_cart\" data-product_id=\"8743\" data-product_sku=\"\" aria-label=\"Add to cart: &ldquo;Sac de plage ray\u00e9 - lot de 2&rdquo;\" rel=\"nofollow\" data-success_message=\"&ldquo;Sac de plage ray\u00e9 - lot de 2&rdquo; has been added to your cart\">Add to cart<\/a>\t<span id=\"woocommerce_loop_add_to_cart_link_describedby_8743\" class=\"screen-reader-text\">\n\t\t\t<\/span>\n<span class=\"gtm4wp_productdata\" style=\"display:none; visibility:hidden;\" data-gtm4wp_product_data=\"{&quot;internal_id&quot;:8743,&quot;item_id&quot;:8743,&quot;item_name&quot;:&quot;Sac de plage ray\\u00e9 - lot de 2&quot;,&quot;sku&quot;:8743,&quot;price&quot;:40,&quot;stocklevel&quot;:1,&quot;stockstatus&quot;:&quot;instock&quot;,&quot;google_business_vertical&quot;:&quot;retail&quot;,&quot;item_category&quot;:&quot;Home&quot;,&quot;id&quot;:8743,&quot;productlink&quot;:&quot;https:\\\/\\\/www.strelli.be\\\/en\\\/shop\\\/home\\\/sac-de-plage-raye-lot-de-2\\\/&quot;,&quot;item_list_name&quot;:&quot;General Product List&quot;,&quot;index&quot;:8,&quot;product_type&quot;:&quot;simple&quot;,&quot;item_brand&quot;:&quot;&quot;}\"><\/span><\/li>\n<li class=\"product type-product post-1573 status-publish first instock product_cat-blackfriday-en product_cat-home-en product_cat-plaid-en has-post-thumbnail sale shipping-taxable purchasable product-type-simple\">\n\t<a href=\"https:\/\/www.strelli.be\/en\/shop\/home-en\/plaid-child-fuchsia\/\" class=\"woocommerce-LoopProduct-link woocommerce-loop-product__link\">\n\t<span class=\"onsale\">Sale!<\/span>\n\t<img loading=\"lazy\" decoding=\"async\" width=\"500\" height=\"667\" src=\"https:\/\/www.strelli.be\/wp-content\/uploads\/2019\/07\/j4-25-Euros-500x667.jpg\" class=\"attachment-woocommerce_thumbnail size-woocommerce_thumbnail\" alt=\"PLAID CHILD FUCHSIA\" \/><h2 class=\"woocommerce-loop-product__title\">PLAID CHILD FUCHSIA<\/h2>\n\t<span class=\"price\"><del aria-hidden=\"true\"><span class=\"woocommerce-Price-amount amount\"><bdi>55,00&nbsp;<span class=\"woocommerce-Price-currencySymbol\">&euro;<\/span><\/bdi><\/span><\/del> <span class=\"screen-reader-text\">Original price was: 55,00&nbsp;&euro;.<\/span><ins aria-hidden=\"true\"><span class=\"woocommerce-Price-amount amount\"><bdi>30,00&nbsp;<span class=\"woocommerce-Price-currencySymbol\">&euro;<\/span><\/bdi><\/span><\/ins><span class=\"screen-reader-text\">Current price is: 30,00&nbsp;&euro;.<\/span><\/span>\n<\/a><a href=\"?add-to-cart=1573\" aria-describedby=\"woocommerce_loop_add_to_cart_link_describedby_1573\" data-quantity=\"1\" class=\"button product_type_simple add_to_cart_button ajax_add_to_cart\" data-product_id=\"1573\" data-product_sku=\"\" aria-label=\"Add to cart: &ldquo;PLAID CHILD FUCHSIA&rdquo;\" rel=\"nofollow\" data-success_message=\"&ldquo;PLAID CHILD FUCHSIA&rdquo; has been added to your cart\">Add to cart<\/a>\t<span id=\"woocommerce_loop_add_to_cart_link_describedby_1573\" class=\"screen-reader-text\">\n\t\t\t<\/span>\n<span class=\"gtm4wp_productdata\" style=\"display:none; visibility:hidden;\" data-gtm4wp_product_data=\"{&quot;internal_id&quot;:1573,&quot;item_id&quot;:1573,&quot;item_name&quot;:&quot;PLAID CHILD FUCHSIA&quot;,&quot;sku&quot;:1573,&quot;price&quot;:30,&quot;stocklevel&quot;:3,&quot;stockstatus&quot;:&quot;instock&quot;,&quot;google_business_vertical&quot;:&quot;retail&quot;,&quot;item_category&quot;:&quot;BlackFriday&quot;,&quot;id&quot;:1573,&quot;productlink&quot;:&quot;https:\\\/\\\/www.strelli.be\\\/en\\\/shop\\\/home-en\\\/plaid-child-fuchsia\\\/&quot;,&quot;item_list_name&quot;:&quot;General Product List&quot;,&quot;index&quot;:9,&quot;product_type&quot;:&quot;simple&quot;,&quot;item_brand&quot;:&quot;&quot;}\"><\/span><\/li>\n<li class=\"product type-product post-1568 status-publish instock product_cat-blackfriday-en product_cat-home-en product_cat-plaid-en has-post-thumbnail sale shipping-taxable purchasable product-type-simple\">\n\t<a href=\"https:\/\/www.strelli.be\/en\/shop\/home-en\/plaid-child-orange\/\" class=\"woocommerce-LoopProduct-link woocommerce-loop-product__link\">\n\t<span class=\"onsale\">Sale!<\/span>\n\t<img loading=\"lazy\" decoding=\"async\" width=\"500\" height=\"667\" src=\"https:\/\/www.strelli.be\/wp-content\/uploads\/2019\/07\/j5-25-Euros-500x667.jpg\" class=\"attachment-woocommerce_thumbnail size-woocommerce_thumbnail\" alt=\"PLAID CHILD ORANGE\" \/><h2 class=\"woocommerce-loop-product__title\">PLAID CHILD ORANGE<\/h2>\n\t<span class=\"price\"><del aria-hidden=\"true\"><span class=\"woocommerce-Price-amount amount\"><bdi>55,00&nbsp;<span class=\"woocommerce-Price-currencySymbol\">&euro;<\/span><\/bdi><\/span><\/del> <span class=\"screen-reader-text\">Original price was: 55,00&nbsp;&euro;.<\/span><ins aria-hidden=\"true\"><span class=\"woocommerce-Price-amount amount\"><bdi>30,00&nbsp;<span class=\"woocommerce-Price-currencySymbol\">&euro;<\/span><\/bdi><\/span><\/ins><span class=\"screen-reader-text\">Current price is: 30,00&nbsp;&euro;.<\/span><\/span>\n<\/a><a href=\"?add-to-cart=1568\" aria-describedby=\"woocommerce_loop_add_to_cart_link_describedby_1568\" data-quantity=\"1\" class=\"button product_type_simple add_to_cart_button ajax_add_to_cart\" data-product_id=\"1568\" data-product_sku=\"\" aria-label=\"Add to cart: &ldquo;PLAID CHILD ORANGE&rdquo;\" rel=\"nofollow\" data-success_message=\"&ldquo;PLAID CHILD ORANGE&rdquo; has been added to your cart\">Add to cart<\/a>\t<span id=\"woocommerce_loop_add_to_cart_link_describedby_1568\" class=\"screen-reader-text\">\n\t\t\t<\/span>\n<span class=\"gtm4wp_productdata\" style=\"display:none; visibility:hidden;\" data-gtm4wp_product_data=\"{&quot;internal_id&quot;:1568,&quot;item_id&quot;:1568,&quot;item_name&quot;:&quot;PLAID CHILD ORANGE&quot;,&quot;sku&quot;:1568,&quot;price&quot;:30,&quot;stocklevel&quot;:2,&quot;stockstatus&quot;:&quot;instock&quot;,&quot;google_business_vertical&quot;:&quot;retail&quot;,&quot;item_category&quot;:&quot;BlackFriday&quot;,&quot;id&quot;:1568,&quot;productlink&quot;:&quot;https:\\\/\\\/www.strelli.be\\\/en\\\/shop\\\/home-en\\\/plaid-child-orange\\\/&quot;,&quot;item_list_name&quot;:&quot;General Product List&quot;,&quot;index&quot;:10,&quot;product_type&quot;:&quot;simple&quot;,&quot;item_brand&quot;:&quot;&quot;}\"><\/span><\/li>\n<li class=\"product type-product post-1556 status-publish instock product_cat-bathrobe product_cat-blackfriday-en product_cat-home-en has-post-thumbnail sale shipping-taxable purchasable product-type-simple\">\n\t<a href=\"https:\/\/www.strelli.be\/en\/shop\/home-en\/poncho-kids-orange-6-8-year\/\" class=\"woocommerce-LoopProduct-link woocommerce-loop-product__link\">\n\t<span class=\"onsale\">Sale!<\/span>\n\t<img loading=\"lazy\" decoding=\"async\" width=\"500\" height=\"667\" src=\"https:\/\/www.strelli.be\/wp-content\/uploads\/2019\/07\/i1-40-Euros-1-500x667.jpg\" class=\"attachment-woocommerce_thumbnail size-woocommerce_thumbnail\" alt=\"PONCHO KIDS ORANGE 6-8 YEAR\" \/><h2 class=\"woocommerce-loop-product__title\">PONCHO KIDS ORANGE 6-8 YEAR<\/h2>\n\t<span class=\"price\"><del aria-hidden=\"true\"><span class=\"woocommerce-Price-amount amount\"><bdi>55,00&nbsp;<span class=\"woocommerce-Price-currencySymbol\">&euro;<\/span><\/bdi><\/span><\/del> <span class=\"screen-reader-text\">Original price was: 55,00&nbsp;&euro;.<\/span><ins aria-hidden=\"true\"><span class=\"woocommerce-Price-amount amount\"><bdi>30,00&nbsp;<span class=\"woocommerce-Price-currencySymbol\">&euro;<\/span><\/bdi><\/span><\/ins><span class=\"screen-reader-text\">Current price is: 30,00&nbsp;&euro;.<\/span><\/span>\n<\/a><a href=\"?add-to-cart=1556\" aria-describedby=\"woocommerce_loop_add_to_cart_link_describedby_1556\" data-quantity=\"1\" class=\"button product_type_simple add_to_cart_button ajax_add_to_cart\" data-product_id=\"1556\" data-product_sku=\"\" aria-label=\"Add to cart: &ldquo;PONCHO KIDS ORANGE 6-8 YEAR&rdquo;\" rel=\"nofollow\" data-success_message=\"&ldquo;PONCHO KIDS ORANGE 6-8 YEAR&rdquo; has been added to your cart\">Add to cart<\/a>\t<span id=\"woocommerce_loop_add_to_cart_link_describedby_1556\" class=\"screen-reader-text\">\n\t\t\t<\/span>\n<span class=\"gtm4wp_productdata\" style=\"display:none; visibility:hidden;\" data-gtm4wp_product_data=\"{&quot;internal_id&quot;:1556,&quot;item_id&quot;:1556,&quot;item_name&quot;:&quot;PONCHO KIDS ORANGE 6-8 YEAR&quot;,&quot;sku&quot;:1556,&quot;price&quot;:30,&quot;stocklevel&quot;:2,&quot;stockstatus&quot;:&quot;instock&quot;,&quot;google_business_vertical&quot;:&quot;retail&quot;,&quot;item_category&quot;:&quot;BlackFriday&quot;,&quot;id&quot;:1556,&quot;productlink&quot;:&quot;https:\\\/\\\/www.strelli.be\\\/en\\\/shop\\\/home-en\\\/poncho-kids-orange-6-8-year\\\/&quot;,&quot;item_list_name&quot;:&quot;General Product List&quot;,&quot;index&quot;:11,&quot;product_type&quot;:&quot;simple&quot;,&quot;item_brand&quot;:&quot;&quot;}\"><\/span><\/li>\n<\/ul>\n<\/div>\n","protected":false},"excerpt":{"rendered":"","protected":false},"author":1,"featured_media":0,"parent":0,"menu_order":3,"comment_status":"closed","ping_status":"closed","template":"woocommerce.php","meta":{"_acf_changed":false,"footnotes":""},"class_list":["post-3158","page","type-page","status-publish","hentry"],"acf":[],"yoast_head":"<!-- This site is optimized with the Yoast SEO plugin v25.3.1 - https:\/\/yoast.com\/wordpress\/plugins\/seo\/ -->\n<title>Home - Olivier Strelli<\/title>\n<meta name=\"robots\" content=\"index, follow, max-snippet:-1, max-image-preview:large, max-video-preview:-1\" \/>\n<link rel=\"canonical\" href=\"https:\/\/www.strelli.be\/en\/home\/\" \/>\n<meta property=\"og:locale\" content=\"en_US\" \/>\n<meta property=\"og:type\" content=\"article\" \/>\n<meta property=\"og:title\" content=\"Home - Olivier Strelli\" \/>\n<meta property=\"og:url\" content=\"https:\/\/www.strelli.be\/en\/home\/\" \/>\n<meta property=\"og:site_name\" content=\"Olivier Strelli\" \/>\n<meta name=\"twitter:card\" content=\"summary_large_image\" \/>\n<script type=\"application\/ld+json\" class=\"yoast-schema-graph\">{\"@context\":\"https:\/\/schema.org\",\"@graph\":[{\"@type\":\"WebPage\",\"@id\":\"https:\/\/www.strelli.be\/en\/home\/\",\"url\":\"https:\/\/www.strelli.be\/en\/home\/\",\"name\":\"Home - Olivier Strelli\",\"isPartOf\":{\"@id\":\"https:\/\/www.strelli.be\/#website\"},\"datePublished\":\"2019-07-16T14:35:18+00:00\",\"breadcrumb\":{\"@id\":\"https:\/\/www.strelli.be\/en\/home\/#breadcrumb\"},\"inLanguage\":\"en-US\",\"potentialAction\":[{\"@type\":\"ReadAction\",\"target\":[\"https:\/\/www.strelli.be\/en\/home\/\"]}]},{\"@type\":\"BreadcrumbList\",\"@id\":\"https:\/\/www.strelli.be\/en\/home\/#breadcrumb\",\"itemListElement\":[{\"@type\":\"ListItem\",\"position\":1,\"name\":\"Accueil\",\"item\":\"https:\/\/www.strelli.be\/en\/\"},{\"@type\":\"ListItem\",\"position\":2,\"name\":\"Home\"}]},{\"@type\":\"WebSite\",\"@id\":\"https:\/\/www.strelli.be\/#website\",\"url\":\"https:\/\/www.strelli.be\/\",\"name\":\"Olivier Strelli\",\"description\":\"Les \u00e9charpes tiss\u00e9es, color\u00e9es, cr\u00e9es et fabriqu\u00e9es en Belgique\",\"potentialAction\":[{\"@type\":\"SearchAction\",\"target\":{\"@type\":\"EntryPoint\",\"urlTemplate\":\"https:\/\/www.strelli.be\/?s={search_term_string}\"},\"query-input\":{\"@type\":\"PropertyValueSpecification\",\"valueRequired\":true,\"valueName\":\"search_term_string\"}}],\"inLanguage\":\"en-US\"}]}<\/script>\n<!-- \/ Yoast SEO plugin. -->","yoast_head_json":{"title":"Home - Olivier Strelli","robots":{"index":"index","follow":"follow","max-snippet":"max-snippet:-1","max-image-preview":"max-image-preview:large","max-video-preview":"max-video-preview:-1"},"canonical":"https:\/\/www.strelli.be\/en\/home\/","og_locale":"en_US","og_type":"article","og_title":"Home - Olivier Strelli","og_url":"https:\/\/www.strelli.be\/en\/home\/","og_site_name":"Olivier Strelli","twitter_card":"summary_large_image","schema":{"@context":"https:\/\/schema.org","@graph":[{"@type":"WebPage","@id":"https:\/\/www.strelli.be\/en\/home\/","url":"https:\/\/www.strelli.be\/en\/home\/","name":"Home - Olivier Strelli","isPartOf":{"@id":"https:\/\/www.strelli.be\/#website"},"datePublished":"2019-07-16T14:35:18+00:00","breadcrumb":{"@id":"https:\/\/www.strelli.be\/en\/home\/#breadcrumb"},"inLanguage":"en-US","potentialAction":[{"@type":"ReadAction","target":["https:\/\/www.strelli.be\/en\/home\/"]}]},{"@type":"BreadcrumbList","@id":"https:\/\/www.strelli.be\/en\/home\/#breadcrumb","itemListElement":[{"@type":"ListItem","position":1,"name":"Accueil","item":"https:\/\/www.strelli.be\/en\/"},{"@type":"ListItem","position":2,"name":"Home"}]},{"@type":"WebSite","@id":"https:\/\/www.strelli.be\/#website","url":"https:\/\/www.strelli.be\/","name":"Olivier Strelli","description":"Les \u00e9charpes tiss\u00e9es, color\u00e9es, cr\u00e9es et fabriqu\u00e9es en Belgique","potentialAction":[{"@type":"SearchAction","target":{"@type":"EntryPoint","urlTemplate":"https:\/\/www.strelli.be\/?s={search_term_string}"},"query-input":{"@type":"PropertyValueSpecification","valueRequired":true,"valueName":"search_term_string"}}],"inLanguage":"en-US"}]}},"_links":{"self":[{"href":"https:\/\/www.strelli.be\/en\/wp-json\/wp\/v2\/pages\/3158","targetHints":{"allow":["GET"]}}],"collection":[{"href":"https:\/\/www.strelli.be\/en\/wp-json\/wp\/v2\/pages"}],"about":[{"href":"https:\/\/www.strelli.be\/en\/wp-json\/wp\/v2\/types\/page"}],"author":[{"embeddable":true,"href":"https:\/\/www.strelli.be\/en\/wp-json\/wp\/v2\/users\/1"}],"replies":[{"embeddable":true,"href":"https:\/\/www.strelli.be\/en\/wp-json\/wp\/v2\/comments?post=3158"}],"version-history":[{"count":0,"href":"https:\/\/www.strelli.be\/en\/wp-json\/wp\/v2\/pages\/3158\/revisions"}],"wp:attachment":[{"href":"https:\/\/www.strelli.be\/en\/wp-json\/wp\/v2\/media?parent=3158"}],"curies":[{"name":"wp","href":"https:\/\/api.w.org\/{rel}","templated":true}]}}