{"id":3157,"date":"2019-07-16T16:35:18","date_gmt":"2019-07-16T14:35:18","guid":{"rendered":"http:\/\/www.studioneostaging.be\/stagingstrelli\/home-2\/"},"modified":"2019-07-16T16:35:18","modified_gmt":"2019-07-16T14:35:18","slug":"home","status":"publish","type":"page","link":"https:\/\/www.strelli.be\/nl\/home\/","title":{"rendered":"Home"},"content":{"rendered":"\n<div class=\"woocommerce columns-4 \"><div class=\"woocommerce-notices-wrapper\"><\/div><p class=\"woocommerce-result-count\" role=\"alert\" aria-relevant=\"all\" >\n\tToont alle 11 resultaten<\/p>\n<form class=\"woocommerce-ordering\" method=\"get\">\n\t\t<select\n\t\tname=\"orderby\"\n\t\tclass=\"orderby\"\n\t\t\t\t\taria-label=\"Winkelbestelling\"\n\t\t\t>\n\t\t\t\t\t<option value=\"popularity\" >Sorteer op populariteit<\/option>\n\t\t\t\t\t<option value=\"date\" >Sorteren op nieuwste<\/option>\n\t\t\t\t\t<option value=\"price\" >Sorteer op prijs: laag naar hoog<\/option>\n\t\t\t\t\t<option value=\"price-desc\" >Sorteer op prijs: hoog naar laag<\/option>\n\t\t\t\t\t<option value=\"alphabetical\"  selected='selected'>Sort by name: A to Z<\/option>\n\t\t\t<\/select>\n\t<input type=\"hidden\" name=\"paged\" value=\"1\" \/>\n\t<\/form>\n<ul class=\"products columns-4\">\n<li class=\"product type-product post-8712 status-publish first instock product_cat-badjas product_cat-badkamer product_cat-blackfriday-nl product_cat-home-nl has-post-thumbnail sale shipping-taxable purchasable product-type-simple\">\n\t<a href=\"https:\/\/www.strelli.be\/nl\/shop\/home-nl\/badjas\/peignoir-de-bain-vert-enfant-6-8-ans-capuchon-sachet\/\" class=\"woocommerce-LoopProduct-link woocommerce-loop-product__link\">\n\t<span class=\"onsale\">Aanbieding!<\/span>\n\t<img loading=\"lazy\" decoding=\"async\" width=\"500\" height=\"667\" src=\"https:\/\/www.strelli.be\/wp-content\/uploads\/2022\/06\/78PH-F868W-5305-10-12j-green2940_2a_DSC_7166--500x667.jpeg\" class=\"attachment-woocommerce_thumbnail size-woocommerce_thumbnail\" alt=\"Kinderbadjas + kap + tas groen 6\/8 jaar\" \/><h2 class=\"woocommerce-loop-product__title\">Kinderbadjas + kap + tas groen 6\/8 jaar<\/h2>\n\t<span class=\"price\"><del aria-hidden=\"true\"><span class=\"woocommerce-Price-amount amount\"><bdi>95,00&nbsp;<span class=\"woocommerce-Price-currencySymbol\">&euro;<\/span><\/bdi><\/span><\/del> <span class=\"screen-reader-text\">Oorspronkelijke prijs was: 95,00&nbsp;&euro;.<\/span><ins aria-hidden=\"true\"><span class=\"woocommerce-Price-amount amount\"><bdi>60,00&nbsp;<span class=\"woocommerce-Price-currencySymbol\">&euro;<\/span><\/bdi><\/span><\/ins><span class=\"screen-reader-text\">Huidige prijs is: 60,00&nbsp;&euro;.<\/span><\/span>\n<\/a><a href=\"?add-to-cart=8712\" aria-describedby=\"woocommerce_loop_add_to_cart_link_describedby_8712\" data-quantity=\"1\" class=\"button product_type_simple add_to_cart_button ajax_add_to_cart\" data-product_id=\"8712\" data-product_sku=\"\" aria-label=\"Toevoegen aan winkelwagen: &ldquo;Kinderbadjas + kap + tas groen 6\/8 jaar&ldquo;\" rel=\"nofollow\" data-success_message=\"&#039;Kinderbadjas + kap + tas groen 6\/8 jaar&#039; is toegevoegd aan je winkelmand\">Toevoegen aan winkelwagen<\/a>\t<span id=\"woocommerce_loop_add_to_cart_link_describedby_8712\" class=\"screen-reader-text\">\n\t\t\t<\/span>\n<span class=\"gtm4wp_productdata\" style=\"display:none; visibility:hidden;\" data-gtm4wp_product_data=\"{&quot;internal_id&quot;:8712,&quot;item_id&quot;:8712,&quot;item_name&quot;:&quot;Kinderbadjas + kap + tas groen 6\\\/8 jaar&quot;,&quot;sku&quot;:8712,&quot;price&quot;:60,&quot;stocklevel&quot;:1,&quot;stockstatus&quot;:&quot;instock&quot;,&quot;google_business_vertical&quot;:&quot;retail&quot;,&quot;item_category&quot;:&quot;Badkamer&quot;,&quot;id&quot;:8712,&quot;productlink&quot;:&quot;https:\\\/\\\/www.strelli.be\\\/nl\\\/shop\\\/home-nl\\\/badjas\\\/peignoir-de-bain-vert-enfant-6-8-ans-capuchon-sachet\\\/&quot;,&quot;item_list_name&quot;:&quot;Algemeen product lijst&quot;,&quot;index&quot;:1,&quot;product_type&quot;:&quot;simple&quot;,&quot;item_brand&quot;:&quot;&quot;}\"><\/span><\/li>\n<li class=\"product type-product post-8714 status-publish instock product_cat-badjas product_cat-badkamer product_cat-blackfriday-nl product_cat-home-nl has-post-thumbnail sale shipping-taxable purchasable product-type-simple\">\n\t<a href=\"https:\/\/www.strelli.be\/nl\/shop\/home-nl\/badjas\/peignoir-de-bain-vert-enfant-10-12-ans-capuchon-sachet\/\" class=\"woocommerce-LoopProduct-link woocommerce-loop-product__link\">\n\t<span class=\"onsale\">Aanbieding!<\/span>\n\t<img loading=\"lazy\" decoding=\"async\" width=\"500\" height=\"667\" src=\"https:\/\/www.strelli.be\/wp-content\/uploads\/2022\/06\/78PH-F868W-4305-6-8j-bag-green2940_2a_DSC_7169--500x667.jpeg\" class=\"attachment-woocommerce_thumbnail size-woocommerce_thumbnail\" alt=\"Kinderbadjas + kap + tas groen 10\/12 jaar\" \/><h2 class=\"woocommerce-loop-product__title\">Kinderbadjas + kap + tas groen 10\/12 jaar<\/h2>\n\t<span class=\"price\"><del aria-hidden=\"true\"><span class=\"woocommerce-Price-amount amount\"><bdi>95,00&nbsp;<span class=\"woocommerce-Price-currencySymbol\">&euro;<\/span><\/bdi><\/span><\/del> <span class=\"screen-reader-text\">Oorspronkelijke prijs was: 95,00&nbsp;&euro;.<\/span><ins aria-hidden=\"true\"><span class=\"woocommerce-Price-amount amount\"><bdi>60,00&nbsp;<span class=\"woocommerce-Price-currencySymbol\">&euro;<\/span><\/bdi><\/span><\/ins><span class=\"screen-reader-text\">Huidige prijs is: 60,00&nbsp;&euro;.<\/span><\/span>\n<\/a><a href=\"?add-to-cart=8714\" aria-describedby=\"woocommerce_loop_add_to_cart_link_describedby_8714\" data-quantity=\"1\" class=\"button product_type_simple add_to_cart_button ajax_add_to_cart\" data-product_id=\"8714\" data-product_sku=\"\" aria-label=\"Toevoegen aan winkelwagen: &ldquo;Kinderbadjas + kap + tas groen 10\/12 jaar&ldquo;\" rel=\"nofollow\" data-success_message=\"&#039;Kinderbadjas + kap + tas groen 10\/12 jaar&#039; is toegevoegd aan je winkelmand\">Toevoegen aan winkelwagen<\/a>\t<span id=\"woocommerce_loop_add_to_cart_link_describedby_8714\" class=\"screen-reader-text\">\n\t\t\t<\/span>\n<span class=\"gtm4wp_productdata\" style=\"display:none; visibility:hidden;\" data-gtm4wp_product_data=\"{&quot;internal_id&quot;:8714,&quot;item_id&quot;:8714,&quot;item_name&quot;:&quot;Kinderbadjas + kap + tas groen 10\\\/12 jaar&quot;,&quot;sku&quot;:8714,&quot;price&quot;:60,&quot;stocklevel&quot;:1,&quot;stockstatus&quot;:&quot;instock&quot;,&quot;google_business_vertical&quot;:&quot;retail&quot;,&quot;item_category&quot;:&quot;Badkamer&quot;,&quot;id&quot;:8714,&quot;productlink&quot;:&quot;https:\\\/\\\/www.strelli.be\\\/nl\\\/shop\\\/home-nl\\\/badjas\\\/peignoir-de-bain-vert-enfant-10-12-ans-capuchon-sachet\\\/&quot;,&quot;item_list_name&quot;:&quot;Algemeen product lijst&quot;,&quot;index&quot;:2,&quot;product_type&quot;:&quot;simple&quot;,&quot;item_brand&quot;:&quot;&quot;}\"><\/span><\/li>\n<li class=\"product type-product post-8718 status-publish instock product_cat-badjas product_cat-badkamer product_cat-home-nl has-post-thumbnail sale shipping-taxable purchasable product-type-simple\">\n\t<a href=\"https:\/\/www.strelli.be\/nl\/shop\/home-nl\/badjas\/peignoir-de-bain-enfant-6-8-ans-capuchon-sachet\/\" class=\"woocommerce-LoopProduct-link woocommerce-loop-product__link\">\n\t<span class=\"onsale\">Aanbieding!<\/span>\n\t<img loading=\"lazy\" decoding=\"async\" width=\"500\" height=\"667\" src=\"https:\/\/www.strelli.be\/wp-content\/uploads\/2022\/06\/78PH-F868W-5405-10-12j-orange2939_2a_DSC_7162--500x667.jpeg\" class=\"attachment-woocommerce_thumbnail size-woocommerce_thumbnail\" alt=\"P-Kinderbadjas + kap + tas corail enfant 6\/8 jaar a\" \/><h2 class=\"woocommerce-loop-product__title\">P-Kinderbadjas + kap + tas corail enfant 6\/8 jaar a<\/h2>\n\t<span class=\"price\"><del aria-hidden=\"true\"><span class=\"woocommerce-Price-amount amount\"><bdi>95,00&nbsp;<span class=\"woocommerce-Price-currencySymbol\">&euro;<\/span><\/bdi><\/span><\/del> <span class=\"screen-reader-text\">Oorspronkelijke prijs was: 95,00&nbsp;&euro;.<\/span><ins aria-hidden=\"true\"><span class=\"woocommerce-Price-amount amount\"><bdi>60,00&nbsp;<span class=\"woocommerce-Price-currencySymbol\">&euro;<\/span><\/bdi><\/span><\/ins><span class=\"screen-reader-text\">Huidige prijs is: 60,00&nbsp;&euro;.<\/span><\/span>\n<\/a><a href=\"?add-to-cart=8718\" aria-describedby=\"woocommerce_loop_add_to_cart_link_describedby_8718\" data-quantity=\"1\" class=\"button product_type_simple add_to_cart_button ajax_add_to_cart\" data-product_id=\"8718\" data-product_sku=\"\" aria-label=\"Toevoegen aan winkelwagen: &ldquo;P-Kinderbadjas + kap + tas corail enfant 6\/8 jaar a&ldquo;\" rel=\"nofollow\" data-success_message=\"&#039;P-Kinderbadjas + kap + tas corail enfant 6\/8 jaar a&#039; is toegevoegd aan je winkelmand\">Toevoegen aan winkelwagen<\/a>\t<span id=\"woocommerce_loop_add_to_cart_link_describedby_8718\" class=\"screen-reader-text\">\n\t\t\t<\/span>\n<span class=\"gtm4wp_productdata\" style=\"display:none; visibility:hidden;\" data-gtm4wp_product_data=\"{&quot;internal_id&quot;:8718,&quot;item_id&quot;:8718,&quot;item_name&quot;:&quot;P-Kinderbadjas + kap + tas corail enfant 6\\\/8 jaar a&quot;,&quot;sku&quot;:8718,&quot;price&quot;:60,&quot;stocklevel&quot;:1,&quot;stockstatus&quot;:&quot;instock&quot;,&quot;google_business_vertical&quot;:&quot;retail&quot;,&quot;item_category&quot;:&quot;Badkamer&quot;,&quot;id&quot;:8718,&quot;productlink&quot;:&quot;https:\\\/\\\/www.strelli.be\\\/nl\\\/shop\\\/home-nl\\\/badjas\\\/peignoir-de-bain-enfant-6-8-ans-capuchon-sachet\\\/&quot;,&quot;item_list_name&quot;:&quot;Algemeen product lijst&quot;,&quot;index&quot;:3,&quot;product_type&quot;:&quot;simple&quot;,&quot;item_brand&quot;:&quot;&quot;}\"><\/span><\/li>\n<li class=\"product type-product post-8720 status-publish last instock product_cat-badjas product_cat-badkamer product_cat-blackfriday-nl product_cat-home-nl has-post-thumbnail sale shipping-taxable purchasable product-type-simple\">\n\t<a href=\"https:\/\/www.strelli.be\/nl\/shop\/home-nl\/badjas\/peignoir-de-bain-aqua-l-sachet\/\" class=\"woocommerce-LoopProduct-link woocommerce-loop-product__link\">\n\t<span class=\"onsale\">Aanbieding!<\/span>\n\t<img loading=\"lazy\" decoding=\"async\" width=\"500\" height=\"667\" src=\"https:\/\/www.strelli.be\/wp-content\/uploads\/2022\/06\/78PK-F864R-6225-bag-lagoon2938_2a_DSC_7157--500x667.jpeg\" class=\"attachment-woocommerce_thumbnail size-woocommerce_thumbnail\" alt=\"P-Badjas + tas aqua L\" \/><h2 class=\"woocommerce-loop-product__title\">P-Badjas + tas aqua L<\/h2>\n\t<span class=\"price\"><del aria-hidden=\"true\"><span class=\"woocommerce-Price-amount amount\"><bdi>145,00&nbsp;<span class=\"woocommerce-Price-currencySymbol\">&euro;<\/span><\/bdi><\/span><\/del> <span class=\"screen-reader-text\">Oorspronkelijke prijs was: 145,00&nbsp;&euro;.<\/span><ins aria-hidden=\"true\"><span class=\"woocommerce-Price-amount amount\"><bdi>80,00&nbsp;<span class=\"woocommerce-Price-currencySymbol\">&euro;<\/span><\/bdi><\/span><\/ins><span class=\"screen-reader-text\">Huidige prijs is: 80,00&nbsp;&euro;.<\/span><\/span>\n<\/a><a href=\"?add-to-cart=8720\" aria-describedby=\"woocommerce_loop_add_to_cart_link_describedby_8720\" data-quantity=\"1\" class=\"button product_type_simple add_to_cart_button ajax_add_to_cart\" data-product_id=\"8720\" data-product_sku=\"\" aria-label=\"Toevoegen aan winkelwagen: &ldquo;P-Badjas + tas aqua L&ldquo;\" rel=\"nofollow\" data-success_message=\"&#039;P-Badjas + tas aqua L&#039; is toegevoegd aan je winkelmand\">Toevoegen aan winkelwagen<\/a>\t<span id=\"woocommerce_loop_add_to_cart_link_describedby_8720\" class=\"screen-reader-text\">\n\t\t\t<\/span>\n<span class=\"gtm4wp_productdata\" style=\"display:none; visibility:hidden;\" data-gtm4wp_product_data=\"{&quot;internal_id&quot;:8720,&quot;item_id&quot;:8720,&quot;item_name&quot;:&quot;P-Badjas + tas aqua L&quot;,&quot;sku&quot;:8720,&quot;price&quot;:80,&quot;stocklevel&quot;:1,&quot;stockstatus&quot;:&quot;instock&quot;,&quot;google_business_vertical&quot;:&quot;retail&quot;,&quot;item_category&quot;:&quot;Badkamer&quot;,&quot;id&quot;:8720,&quot;productlink&quot;:&quot;https:\\\/\\\/www.strelli.be\\\/nl\\\/shop\\\/home-nl\\\/badjas\\\/peignoir-de-bain-aqua-l-sachet\\\/&quot;,&quot;item_list_name&quot;:&quot;Algemeen product lijst&quot;,&quot;index&quot;:4,&quot;product_type&quot;:&quot;simple&quot;,&quot;item_brand&quot;:&quot;&quot;}\"><\/span><\/li>\n<li class=\"product type-product post-8722 status-publish first instock product_cat-badjas product_cat-badkamer product_cat-blackfriday-nl product_cat-home-nl has-post-thumbnail sale shipping-taxable purchasable product-type-simple\">\n\t<a href=\"https:\/\/www.strelli.be\/nl\/shop\/home-nl\/badjas\/8702\/\" class=\"woocommerce-LoopProduct-link woocommerce-loop-product__link\">\n\t<span class=\"onsale\">Aanbieding!<\/span>\n\t<img loading=\"lazy\" decoding=\"async\" width=\"500\" height=\"667\" src=\"https:\/\/www.strelli.be\/wp-content\/uploads\/2022\/06\/78PK-F864R-6225-bag-lagoon2938_2a_DSC_7157--500x667.jpeg\" class=\"attachment-woocommerce_thumbnail size-woocommerce_thumbnail\" alt=\"P-Badjas + tas aqua S\/M\" \/><h2 class=\"woocommerce-loop-product__title\">P-Badjas + tas aqua S\/M<\/h2>\n\t<span class=\"price\"><del aria-hidden=\"true\"><span class=\"woocommerce-Price-amount amount\"><bdi>145,00&nbsp;<span class=\"woocommerce-Price-currencySymbol\">&euro;<\/span><\/bdi><\/span><\/del> <span class=\"screen-reader-text\">Oorspronkelijke prijs was: 145,00&nbsp;&euro;.<\/span><ins aria-hidden=\"true\"><span class=\"woocommerce-Price-amount amount\"><bdi>80,00&nbsp;<span class=\"woocommerce-Price-currencySymbol\">&euro;<\/span><\/bdi><\/span><\/ins><span class=\"screen-reader-text\">Huidige prijs is: 80,00&nbsp;&euro;.<\/span><\/span>\n<\/a><a href=\"?add-to-cart=8722\" aria-describedby=\"woocommerce_loop_add_to_cart_link_describedby_8722\" data-quantity=\"1\" class=\"button product_type_simple add_to_cart_button ajax_add_to_cart\" data-product_id=\"8722\" data-product_sku=\"\" aria-label=\"Toevoegen aan winkelwagen: &ldquo;P-Badjas + tas aqua S\/M&ldquo;\" rel=\"nofollow\" data-success_message=\"&#039;P-Badjas + tas aqua S\/M&#039; is toegevoegd aan je winkelmand\">Toevoegen aan winkelwagen<\/a>\t<span id=\"woocommerce_loop_add_to_cart_link_describedby_8722\" class=\"screen-reader-text\">\n\t\t\t<\/span>\n<span class=\"gtm4wp_productdata\" style=\"display:none; visibility:hidden;\" data-gtm4wp_product_data=\"{&quot;internal_id&quot;:8722,&quot;item_id&quot;:8722,&quot;item_name&quot;:&quot;P-Badjas + tas aqua S\\\/M&quot;,&quot;sku&quot;:8722,&quot;price&quot;:80,&quot;stocklevel&quot;:1,&quot;stockstatus&quot;:&quot;instock&quot;,&quot;google_business_vertical&quot;:&quot;retail&quot;,&quot;item_category&quot;:&quot;Badkamer&quot;,&quot;id&quot;:8722,&quot;productlink&quot;:&quot;https:\\\/\\\/www.strelli.be\\\/nl\\\/shop\\\/home-nl\\\/badjas\\\/8702\\\/&quot;,&quot;item_list_name&quot;:&quot;Algemeen product lijst&quot;,&quot;index&quot;:5,&quot;product_type&quot;:&quot;simple&quot;,&quot;item_brand&quot;:&quot;&quot;}\"><\/span><\/li>\n<li class=\"product type-product post-8724 status-publish instock product_cat-badjas product_cat-badkamer product_cat-home product_cat-home-nl product_cat-peignoir product_cat-salle-de-bain has-post-thumbnail sale shipping-taxable purchasable product-type-simple\">\n\t<a href=\"https:\/\/www.strelli.be\/nl\/shop\/home-nl\/badjas\/peignoir-de-bain-gris-xl-sachet\/\" class=\"woocommerce-LoopProduct-link woocommerce-loop-product__link\">\n\t<span class=\"onsale\">Aanbieding!<\/span>\n\t<img loading=\"lazy\" decoding=\"async\" width=\"500\" height=\"667\" src=\"https:\/\/www.strelli.be\/wp-content\/uploads\/2022\/06\/78PK-F864R-9805-bag-grey2937_2a_DSC_7161--500x667.jpeg\" class=\"attachment-woocommerce_thumbnail size-woocommerce_thumbnail\" alt=\"Badjas + tas grijs XL\" \/><h2 class=\"woocommerce-loop-product__title\">Badjas + tas grijs XL<\/h2>\n\t<span class=\"price\"><del aria-hidden=\"true\"><span class=\"woocommerce-Price-amount amount\"><bdi>145,00&nbsp;<span class=\"woocommerce-Price-currencySymbol\">&euro;<\/span><\/bdi><\/span><\/del> <span class=\"screen-reader-text\">Oorspronkelijke prijs was: 145,00&nbsp;&euro;.<\/span><ins aria-hidden=\"true\"><span class=\"woocommerce-Price-amount amount\"><bdi>80,00&nbsp;<span class=\"woocommerce-Price-currencySymbol\">&euro;<\/span><\/bdi><\/span><\/ins><span class=\"screen-reader-text\">Huidige prijs is: 80,00&nbsp;&euro;.<\/span><\/span>\n<\/a><a href=\"?add-to-cart=8724\" aria-describedby=\"woocommerce_loop_add_to_cart_link_describedby_8724\" data-quantity=\"1\" class=\"button product_type_simple add_to_cart_button ajax_add_to_cart\" data-product_id=\"8724\" data-product_sku=\"\" aria-label=\"Toevoegen aan winkelwagen: &ldquo;Badjas + tas grijs XL&ldquo;\" rel=\"nofollow\" data-success_message=\"&#039;Badjas + tas grijs XL&#039; is toegevoegd aan je winkelmand\">Toevoegen aan winkelwagen<\/a>\t<span id=\"woocommerce_loop_add_to_cart_link_describedby_8724\" class=\"screen-reader-text\">\n\t\t\t<\/span>\n<span class=\"gtm4wp_productdata\" style=\"display:none; visibility:hidden;\" data-gtm4wp_product_data=\"{&quot;internal_id&quot;:8724,&quot;item_id&quot;:8724,&quot;item_name&quot;:&quot;Badjas + tas grijs XL&quot;,&quot;sku&quot;:8724,&quot;price&quot;:80,&quot;stocklevel&quot;:1,&quot;stockstatus&quot;:&quot;instock&quot;,&quot;google_business_vertical&quot;:&quot;retail&quot;,&quot;item_category&quot;:&quot;Home&quot;,&quot;id&quot;:8724,&quot;productlink&quot;:&quot;https:\\\/\\\/www.strelli.be\\\/nl\\\/shop\\\/home-nl\\\/badjas\\\/peignoir-de-bain-gris-xl-sachet\\\/&quot;,&quot;item_list_name&quot;:&quot;Algemeen product lijst&quot;,&quot;index&quot;:6,&quot;product_type&quot;:&quot;simple&quot;,&quot;item_brand&quot;:&quot;&quot;}\"><\/span><\/li>\n<li class=\"product type-product post-8736 status-publish instock product_cat-badkamer product_cat-blackfriday-nl product_cat-home-nl has-post-thumbnail sale shipping-taxable purchasable product-type-simple\">\n\t<a href=\"https:\/\/www.strelli.be\/nl\/shop\/home-nl\/badkamer\/serviette-gant-ivoire\/\" class=\"woocommerce-LoopProduct-link woocommerce-loop-product__link\">\n\t<span class=\"onsale\">Aanbieding!<\/span>\n\t<img loading=\"lazy\" decoding=\"async\" width=\"500\" height=\"667\" src=\"https:\/\/www.strelli.be\/wp-content\/uploads\/2022\/06\/78UF-7209P-X705-50x100cm-15x21cm-ivory2936_3_Strelli-16--500x667.jpeg\" class=\"attachment-woocommerce_thumbnail size-woocommerce_thumbnail\" alt=\"P-Handdoek + washandje ivoor\" \/><h2 class=\"woocommerce-loop-product__title\">P-Handdoek + washandje ivoor<\/h2>\n\t<span class=\"price\"><del aria-hidden=\"true\"><span class=\"woocommerce-Price-amount amount\"><bdi>37,00&nbsp;<span class=\"woocommerce-Price-currencySymbol\">&euro;<\/span><\/bdi><\/span><\/del> <span class=\"screen-reader-text\">Oorspronkelijke prijs was: 37,00&nbsp;&euro;.<\/span><ins aria-hidden=\"true\"><span class=\"woocommerce-Price-amount amount\"><bdi>27,00&nbsp;<span class=\"woocommerce-Price-currencySymbol\">&euro;<\/span><\/bdi><\/span><\/ins><span class=\"screen-reader-text\">Huidige prijs is: 27,00&nbsp;&euro;.<\/span><\/span>\n<\/a><a href=\"?add-to-cart=8736\" aria-describedby=\"woocommerce_loop_add_to_cart_link_describedby_8736\" data-quantity=\"1\" class=\"button product_type_simple add_to_cart_button ajax_add_to_cart\" data-product_id=\"8736\" data-product_sku=\"\" aria-label=\"Toevoegen aan winkelwagen: &ldquo;P-Handdoek + washandje ivoor&ldquo;\" rel=\"nofollow\" data-success_message=\"&#039;P-Handdoek + washandje ivoor&#039; is toegevoegd aan je winkelmand\">Toevoegen aan winkelwagen<\/a>\t<span id=\"woocommerce_loop_add_to_cart_link_describedby_8736\" class=\"screen-reader-text\">\n\t\t\t<\/span>\n<span class=\"gtm4wp_productdata\" style=\"display:none; visibility:hidden;\" data-gtm4wp_product_data=\"{&quot;internal_id&quot;:8736,&quot;item_id&quot;:8736,&quot;item_name&quot;:&quot;P-Handdoek + washandje ivoor&quot;,&quot;sku&quot;:8736,&quot;price&quot;:27,&quot;stocklevel&quot;:3,&quot;stockstatus&quot;:&quot;instock&quot;,&quot;google_business_vertical&quot;:&quot;retail&quot;,&quot;item_category&quot;:&quot;Badkamer&quot;,&quot;id&quot;:8736,&quot;productlink&quot;:&quot;https:\\\/\\\/www.strelli.be\\\/nl\\\/shop\\\/home-nl\\\/badkamer\\\/serviette-gant-ivoire\\\/&quot;,&quot;item_list_name&quot;:&quot;Algemeen product lijst&quot;,&quot;index&quot;:7,&quot;product_type&quot;:&quot;simple&quot;,&quot;item_brand&quot;:&quot;&quot;}\"><\/span><\/li>\n<li class=\"product type-product post-8742 status-publish last instock product_cat-home-nl product_cat-home has-post-thumbnail sale shipping-taxable purchasable product-type-simple\">\n\t<a href=\"https:\/\/www.strelli.be\/nl\/shop\/home\/sac-de-plage-raye-lot-de-2\/\" class=\"woocommerce-LoopProduct-link woocommerce-loop-product__link\">\n\t<span class=\"onsale\">Aanbieding!<\/span>\n\t<img loading=\"lazy\" decoding=\"async\" width=\"500\" height=\"667\" src=\"https:\/\/www.strelli.be\/wp-content\/uploads\/2022\/06\/78VX-F869X-1015-totebag-beach-bagsmall-bag-multi01_1_Strelli-47--500x667.jpeg\" class=\"attachment-woocommerce_thumbnail size-woocommerce_thumbnail\" alt=\"Strandtas streep - set van 2\" \/><h2 class=\"woocommerce-loop-product__title\">Strandtas streep &#8211; set van 2<\/h2>\n\t<span class=\"price\"><del aria-hidden=\"true\"><span class=\"woocommerce-Price-amount amount\"><bdi>70,00&nbsp;<span class=\"woocommerce-Price-currencySymbol\">&euro;<\/span><\/bdi><\/span><\/del> <span class=\"screen-reader-text\">Oorspronkelijke prijs was: 70,00&nbsp;&euro;.<\/span><ins aria-hidden=\"true\"><span class=\"woocommerce-Price-amount amount\"><bdi>40,00&nbsp;<span class=\"woocommerce-Price-currencySymbol\">&euro;<\/span><\/bdi><\/span><\/ins><span class=\"screen-reader-text\">Huidige prijs is: 40,00&nbsp;&euro;.<\/span><\/span>\n<\/a><a href=\"?add-to-cart=8742\" aria-describedby=\"woocommerce_loop_add_to_cart_link_describedby_8742\" data-quantity=\"1\" class=\"button product_type_simple add_to_cart_button ajax_add_to_cart\" data-product_id=\"8742\" data-product_sku=\"\" aria-label=\"Toevoegen aan winkelwagen: &ldquo;Strandtas streep - set van 2&ldquo;\" rel=\"nofollow\" data-success_message=\"&#039;Strandtas streep - set van 2&#039; is toegevoegd aan je winkelmand\">Toevoegen aan winkelwagen<\/a>\t<span id=\"woocommerce_loop_add_to_cart_link_describedby_8742\" class=\"screen-reader-text\">\n\t\t\t<\/span>\n<span class=\"gtm4wp_productdata\" style=\"display:none; visibility:hidden;\" data-gtm4wp_product_data=\"{&quot;internal_id&quot;:8742,&quot;item_id&quot;:8742,&quot;item_name&quot;:&quot;Strandtas streep - set van 2&quot;,&quot;sku&quot;:8742,&quot;price&quot;:40,&quot;stocklevel&quot;:1,&quot;stockstatus&quot;:&quot;instock&quot;,&quot;google_business_vertical&quot;:&quot;retail&quot;,&quot;item_category&quot;:&quot;Home&quot;,&quot;id&quot;:8742,&quot;productlink&quot;:&quot;https:\\\/\\\/www.strelli.be\\\/nl\\\/shop\\\/home\\\/sac-de-plage-raye-lot-de-2\\\/&quot;,&quot;item_list_name&quot;:&quot;Algemeen product lijst&quot;,&quot;index&quot;:8,&quot;product_type&quot;:&quot;simple&quot;,&quot;item_brand&quot;:&quot;&quot;}\"><\/span><\/li>\n<li class=\"product type-product post-1571 status-publish first instock product_cat-blackfriday-nl product_cat-home-nl product_cat-plaid-nl has-post-thumbnail sale shipping-taxable purchasable product-type-simple\">\n\t<a href=\"https:\/\/www.strelli.be\/nl\/shop\/home-nl\/plaid-nl\/plaid-kids-fuchsia\/\" class=\"woocommerce-LoopProduct-link woocommerce-loop-product__link\">\n\t<span class=\"onsale\">Aanbieding!<\/span>\n\t<img loading=\"lazy\" decoding=\"async\" width=\"500\" height=\"667\" src=\"https:\/\/www.strelli.be\/wp-content\/uploads\/2019\/07\/j4-25-Euros-500x667.jpg\" class=\"attachment-woocommerce_thumbnail size-woocommerce_thumbnail\" alt=\"PLAID KIDS FUCHSIA\" \/><h2 class=\"woocommerce-loop-product__title\">PLAID KIDS FUCHSIA<\/h2>\n\t<span class=\"price\"><del aria-hidden=\"true\"><span class=\"woocommerce-Price-amount amount\"><bdi>55,00&nbsp;<span class=\"woocommerce-Price-currencySymbol\">&euro;<\/span><\/bdi><\/span><\/del> <span class=\"screen-reader-text\">Oorspronkelijke prijs was: 55,00&nbsp;&euro;.<\/span><ins aria-hidden=\"true\"><span class=\"woocommerce-Price-amount amount\"><bdi>30,00&nbsp;<span class=\"woocommerce-Price-currencySymbol\">&euro;<\/span><\/bdi><\/span><\/ins><span class=\"screen-reader-text\">Huidige prijs is: 30,00&nbsp;&euro;.<\/span><\/span>\n<\/a><a href=\"?add-to-cart=1571\" aria-describedby=\"woocommerce_loop_add_to_cart_link_describedby_1571\" data-quantity=\"1\" class=\"button product_type_simple add_to_cart_button ajax_add_to_cart\" data-product_id=\"1571\" data-product_sku=\"\" aria-label=\"Toevoegen aan winkelwagen: &ldquo;PLAID KIDS FUCHSIA&ldquo;\" rel=\"nofollow\" data-success_message=\"&#039;PLAID KIDS FUCHSIA&#039; is toegevoegd aan je winkelmand\">Toevoegen aan winkelwagen<\/a>\t<span id=\"woocommerce_loop_add_to_cart_link_describedby_1571\" class=\"screen-reader-text\">\n\t\t\t<\/span>\n<span class=\"gtm4wp_productdata\" style=\"display:none; visibility:hidden;\" data-gtm4wp_product_data=\"{&quot;internal_id&quot;:1571,&quot;item_id&quot;:1571,&quot;item_name&quot;:&quot;PLAID KIDS FUCHSIA&quot;,&quot;sku&quot;:1571,&quot;price&quot;:30,&quot;stocklevel&quot;:3,&quot;stockstatus&quot;:&quot;instock&quot;,&quot;google_business_vertical&quot;:&quot;retail&quot;,&quot;item_category&quot;:&quot;Plaid&quot;,&quot;id&quot;:1571,&quot;productlink&quot;:&quot;https:\\\/\\\/www.strelli.be\\\/nl\\\/shop\\\/home-nl\\\/plaid-nl\\\/plaid-kids-fuchsia\\\/&quot;,&quot;item_list_name&quot;:&quot;Algemeen product lijst&quot;,&quot;index&quot;:9,&quot;product_type&quot;:&quot;simple&quot;,&quot;item_brand&quot;:&quot;&quot;}\"><\/span><\/li>\n<li class=\"product type-product post-1565 status-publish instock product_cat-blackfriday-nl product_cat-home-nl product_cat-plaid-nl has-post-thumbnail sale shipping-taxable purchasable product-type-simple\">\n\t<a href=\"https:\/\/www.strelli.be\/nl\/shop\/home-nl\/plaid-nl\/plaid-kids-orange\/\" class=\"woocommerce-LoopProduct-link woocommerce-loop-product__link\">\n\t<span class=\"onsale\">Aanbieding!<\/span>\n\t<img loading=\"lazy\" decoding=\"async\" width=\"500\" height=\"667\" src=\"https:\/\/www.strelli.be\/wp-content\/uploads\/2019\/07\/j5-25-Euros-500x667.jpg\" class=\"attachment-woocommerce_thumbnail size-woocommerce_thumbnail\" alt=\"PLAID KIDS ORANGE\" \/><h2 class=\"woocommerce-loop-product__title\">PLAID KIDS ORANGE<\/h2>\n\t<span class=\"price\"><del aria-hidden=\"true\"><span class=\"woocommerce-Price-amount amount\"><bdi>55,00&nbsp;<span class=\"woocommerce-Price-currencySymbol\">&euro;<\/span><\/bdi><\/span><\/del> <span class=\"screen-reader-text\">Oorspronkelijke prijs was: 55,00&nbsp;&euro;.<\/span><ins aria-hidden=\"true\"><span class=\"woocommerce-Price-amount amount\"><bdi>30,00&nbsp;<span class=\"woocommerce-Price-currencySymbol\">&euro;<\/span><\/bdi><\/span><\/ins><span class=\"screen-reader-text\">Huidige prijs is: 30,00&nbsp;&euro;.<\/span><\/span>\n<\/a><a href=\"?add-to-cart=1565\" aria-describedby=\"woocommerce_loop_add_to_cart_link_describedby_1565\" data-quantity=\"1\" class=\"button product_type_simple add_to_cart_button ajax_add_to_cart\" data-product_id=\"1565\" data-product_sku=\"\" aria-label=\"Toevoegen aan winkelwagen: &ldquo;PLAID KIDS ORANGE&ldquo;\" rel=\"nofollow\" data-success_message=\"&#039;PLAID KIDS ORANGE&#039; is toegevoegd aan je winkelmand\">Toevoegen aan winkelwagen<\/a>\t<span id=\"woocommerce_loop_add_to_cart_link_describedby_1565\" class=\"screen-reader-text\">\n\t\t\t<\/span>\n<span class=\"gtm4wp_productdata\" style=\"display:none; visibility:hidden;\" data-gtm4wp_product_data=\"{&quot;internal_id&quot;:1565,&quot;item_id&quot;:1565,&quot;item_name&quot;:&quot;PLAID KIDS ORANGE&quot;,&quot;sku&quot;:1565,&quot;price&quot;:30,&quot;stocklevel&quot;:2,&quot;stockstatus&quot;:&quot;instock&quot;,&quot;google_business_vertical&quot;:&quot;retail&quot;,&quot;item_category&quot;:&quot;Plaid&quot;,&quot;id&quot;:1565,&quot;productlink&quot;:&quot;https:\\\/\\\/www.strelli.be\\\/nl\\\/shop\\\/home-nl\\\/plaid-nl\\\/plaid-kids-orange\\\/&quot;,&quot;item_list_name&quot;:&quot;Algemeen product lijst&quot;,&quot;index&quot;:10,&quot;product_type&quot;:&quot;simple&quot;,&quot;item_brand&quot;:&quot;&quot;}\"><\/span><\/li>\n<li class=\"product type-product post-1553 status-publish instock product_cat-badjas product_cat-blackfriday-nl product_cat-home-nl has-post-thumbnail sale shipping-taxable purchasable product-type-simple\">\n\t<a href=\"https:\/\/www.strelli.be\/nl\/shop\/home-nl\/badjas\/poncho-kids-orange-6-8-jaar\/\" class=\"woocommerce-LoopProduct-link woocommerce-loop-product__link\">\n\t<span class=\"onsale\">Aanbieding!<\/span>\n\t<img loading=\"lazy\" decoding=\"async\" width=\"500\" height=\"667\" src=\"https:\/\/www.strelli.be\/wp-content\/uploads\/2019\/07\/i1-40-Euros-1-500x667.jpg\" class=\"attachment-woocommerce_thumbnail size-woocommerce_thumbnail\" alt=\"PONCHO KIDS ORANGE 6-8 JAAR\" \/><h2 class=\"woocommerce-loop-product__title\">PONCHO KIDS ORANGE 6-8 JAAR<\/h2>\n\t<span class=\"price\"><del aria-hidden=\"true\"><span class=\"woocommerce-Price-amount amount\"><bdi>55,00&nbsp;<span class=\"woocommerce-Price-currencySymbol\">&euro;<\/span><\/bdi><\/span><\/del> <span class=\"screen-reader-text\">Oorspronkelijke prijs was: 55,00&nbsp;&euro;.<\/span><ins aria-hidden=\"true\"><span class=\"woocommerce-Price-amount amount\"><bdi>30,00&nbsp;<span class=\"woocommerce-Price-currencySymbol\">&euro;<\/span><\/bdi><\/span><\/ins><span class=\"screen-reader-text\">Huidige prijs is: 30,00&nbsp;&euro;.<\/span><\/span>\n<\/a><a href=\"?add-to-cart=1553\" aria-describedby=\"woocommerce_loop_add_to_cart_link_describedby_1553\" data-quantity=\"1\" class=\"button product_type_simple add_to_cart_button ajax_add_to_cart\" data-product_id=\"1553\" data-product_sku=\"\" aria-label=\"Toevoegen aan winkelwagen: &ldquo;PONCHO KIDS ORANGE 6-8 JAAR&ldquo;\" rel=\"nofollow\" data-success_message=\"&#039;PONCHO KIDS ORANGE 6-8 JAAR&#039; is toegevoegd aan je winkelmand\">Toevoegen aan winkelwagen<\/a>\t<span id=\"woocommerce_loop_add_to_cart_link_describedby_1553\" class=\"screen-reader-text\">\n\t\t\t<\/span>\n<span class=\"gtm4wp_productdata\" style=\"display:none; visibility:hidden;\" data-gtm4wp_product_data=\"{&quot;internal_id&quot;:1553,&quot;item_id&quot;:1553,&quot;item_name&quot;:&quot;PONCHO KIDS ORANGE 6-8 JAAR&quot;,&quot;sku&quot;:1553,&quot;price&quot;:30,&quot;stocklevel&quot;:2,&quot;stockstatus&quot;:&quot;instock&quot;,&quot;google_business_vertical&quot;:&quot;retail&quot;,&quot;item_category&quot;:&quot;Badjas&quot;,&quot;id&quot;:1553,&quot;productlink&quot;:&quot;https:\\\/\\\/www.strelli.be\\\/nl\\\/shop\\\/home-nl\\\/badjas\\\/poncho-kids-orange-6-8-jaar\\\/&quot;,&quot;item_list_name&quot;:&quot;Algemeen product lijst&quot;,&quot;index&quot;:11,&quot;product_type&quot;:&quot;simple&quot;,&quot;item_brand&quot;:&quot;&quot;}\"><\/span><\/li>\n<\/ul>\n<\/div>\n","protected":false},"excerpt":{"rendered":"","protected":false},"author":1,"featured_media":0,"parent":0,"menu_order":3,"comment_status":"closed","ping_status":"closed","template":"woocommerce.php","meta":{"_acf_changed":false,"footnotes":""},"class_list":["post-3157","page","type-page","status-publish","hentry"],"acf":[],"yoast_head":"<!-- This site is optimized with the Yoast SEO plugin v25.3.1 - https:\/\/yoast.com\/wordpress\/plugins\/seo\/ -->\n<title>Home - Olivier Strelli<\/title>\n<meta name=\"robots\" content=\"index, follow, max-snippet:-1, max-image-preview:large, max-video-preview:-1\" \/>\n<link rel=\"canonical\" href=\"https:\/\/www.strelli.be\/nl\/home\/\" \/>\n<meta property=\"og:locale\" content=\"nl_NL\" \/>\n<meta property=\"og:type\" content=\"article\" \/>\n<meta property=\"og:title\" content=\"Home - Olivier Strelli\" \/>\n<meta property=\"og:url\" content=\"https:\/\/www.strelli.be\/nl\/home\/\" \/>\n<meta property=\"og:site_name\" content=\"Olivier Strelli\" \/>\n<meta name=\"twitter:card\" content=\"summary_large_image\" \/>\n<script type=\"application\/ld+json\" class=\"yoast-schema-graph\">{\"@context\":\"https:\/\/schema.org\",\"@graph\":[{\"@type\":\"WebPage\",\"@id\":\"https:\/\/www.strelli.be\/nl\/home\/\",\"url\":\"https:\/\/www.strelli.be\/nl\/home\/\",\"name\":\"Home - Olivier Strelli\",\"isPartOf\":{\"@id\":\"https:\/\/www.strelli.be\/#website\"},\"datePublished\":\"2019-07-16T14:35:18+00:00\",\"breadcrumb\":{\"@id\":\"https:\/\/www.strelli.be\/nl\/home\/#breadcrumb\"},\"inLanguage\":\"nl-NL\",\"potentialAction\":[{\"@type\":\"ReadAction\",\"target\":[\"https:\/\/www.strelli.be\/nl\/home\/\"]}]},{\"@type\":\"BreadcrumbList\",\"@id\":\"https:\/\/www.strelli.be\/nl\/home\/#breadcrumb\",\"itemListElement\":[{\"@type\":\"ListItem\",\"position\":1,\"name\":\"Accueil\",\"item\":\"https:\/\/www.strelli.be\/nl\/\"},{\"@type\":\"ListItem\",\"position\":2,\"name\":\"Home\"}]},{\"@type\":\"WebSite\",\"@id\":\"https:\/\/www.strelli.be\/#website\",\"url\":\"https:\/\/www.strelli.be\/\",\"name\":\"Olivier Strelli\",\"description\":\"Les \u00e9charpes tiss\u00e9es, color\u00e9es, cr\u00e9es et fabriqu\u00e9es en Belgique\",\"potentialAction\":[{\"@type\":\"SearchAction\",\"target\":{\"@type\":\"EntryPoint\",\"urlTemplate\":\"https:\/\/www.strelli.be\/?s={search_term_string}\"},\"query-input\":{\"@type\":\"PropertyValueSpecification\",\"valueRequired\":true,\"valueName\":\"search_term_string\"}}],\"inLanguage\":\"nl-NL\"}]}<\/script>\n<!-- \/ Yoast SEO plugin. -->","yoast_head_json":{"title":"Home - Olivier Strelli","robots":{"index":"index","follow":"follow","max-snippet":"max-snippet:-1","max-image-preview":"max-image-preview:large","max-video-preview":"max-video-preview:-1"},"canonical":"https:\/\/www.strelli.be\/nl\/home\/","og_locale":"nl_NL","og_type":"article","og_title":"Home - Olivier Strelli","og_url":"https:\/\/www.strelli.be\/nl\/home\/","og_site_name":"Olivier Strelli","twitter_card":"summary_large_image","schema":{"@context":"https:\/\/schema.org","@graph":[{"@type":"WebPage","@id":"https:\/\/www.strelli.be\/nl\/home\/","url":"https:\/\/www.strelli.be\/nl\/home\/","name":"Home - Olivier Strelli","isPartOf":{"@id":"https:\/\/www.strelli.be\/#website"},"datePublished":"2019-07-16T14:35:18+00:00","breadcrumb":{"@id":"https:\/\/www.strelli.be\/nl\/home\/#breadcrumb"},"inLanguage":"nl-NL","potentialAction":[{"@type":"ReadAction","target":["https:\/\/www.strelli.be\/nl\/home\/"]}]},{"@type":"BreadcrumbList","@id":"https:\/\/www.strelli.be\/nl\/home\/#breadcrumb","itemListElement":[{"@type":"ListItem","position":1,"name":"Accueil","item":"https:\/\/www.strelli.be\/nl\/"},{"@type":"ListItem","position":2,"name":"Home"}]},{"@type":"WebSite","@id":"https:\/\/www.strelli.be\/#website","url":"https:\/\/www.strelli.be\/","name":"Olivier Strelli","description":"Les \u00e9charpes tiss\u00e9es, color\u00e9es, cr\u00e9es et fabriqu\u00e9es en Belgique","potentialAction":[{"@type":"SearchAction","target":{"@type":"EntryPoint","urlTemplate":"https:\/\/www.strelli.be\/?s={search_term_string}"},"query-input":{"@type":"PropertyValueSpecification","valueRequired":true,"valueName":"search_term_string"}}],"inLanguage":"nl-NL"}]}},"_links":{"self":[{"href":"https:\/\/www.strelli.be\/nl\/wp-json\/wp\/v2\/pages\/3157","targetHints":{"allow":["GET"]}}],"collection":[{"href":"https:\/\/www.strelli.be\/nl\/wp-json\/wp\/v2\/pages"}],"about":[{"href":"https:\/\/www.strelli.be\/nl\/wp-json\/wp\/v2\/types\/page"}],"author":[{"embeddable":true,"href":"https:\/\/www.strelli.be\/nl\/wp-json\/wp\/v2\/users\/1"}],"replies":[{"embeddable":true,"href":"https:\/\/www.strelli.be\/nl\/wp-json\/wp\/v2\/comments?post=3157"}],"version-history":[{"count":0,"href":"https:\/\/www.strelli.be\/nl\/wp-json\/wp\/v2\/pages\/3157\/revisions"}],"wp:attachment":[{"href":"https:\/\/www.strelli.be\/nl\/wp-json\/wp\/v2\/media?parent=3157"}],"curies":[{"name":"wp","href":"https:\/\/api.w.org\/{rel}","templated":true}]}}